{"id":1208,"date":"2024-04-22T14:13:24","date_gmt":"2024-04-22T14:13:24","guid":{"rendered":"https:\/\/fbg.is\/?page_id=1208"},"modified":"2025-11-10T13:54:56","modified_gmt":"2025-11-10T13:54:56","slug":"framurskarandi-abyrgdaradilar","status":"publish","type":"page","link":"https:\/\/fbg.is\/?page_id=1208","title":{"rendered":"Fram\u00farskarandi \u00e1byrg\u00f0ara\u00f0ilar"},"content":{"rendered":"<p>[et_pb_section fb_built=&#8221;1&#8243; admin_label=&#8221;Header&#8221; _builder_version=&#8221;4.20.0&#8243; _module_preset=&#8221;default&#8221; use_background_color_gradient=&#8221;on&#8221; background_color_gradient_stops=&#8221;rgba(31,35,44,0.7) 0%|gcid-9fa4a1b6-767d-41ca-984c-a6f10449c843 100%&#8221; background_color_gradient_overlays_image=&#8221;on&#8221; background_image=&#8221;https:\/\/fbg.is\/wp-content\/uploads\/2023\/12\/attorney-21.jpg&#8221; locked=&#8221;off&#8221; collapsed=&#8221;on&#8221; global_colors_info=&#8221;{%22gcid-9fa4a1b6-767d-41ca-984c-a6f10449c843%22:%91%22background_color_gradient_stops%22%93}&#8221;][et_pb_row _builder_version=&#8221;4.20.0&#8243; _module_preset=&#8221;default&#8221; global_colors_info=&#8221;{}&#8221;][et_pb_column type=&#8221;4_4&#8243; _builder_version=&#8221;4.20.0&#8243; _module_preset=&#8221;default&#8221; global_colors_info=&#8221;{}&#8221;][et_pb_text _builder_version=&#8221;4.23.1&#8243; _module_preset=&#8221;74717560-5fc8-441c-9c72-f3b554fb276a&#8221; header_4_text_color=&#8221;gcid-2f3f3e09-0a26-4ea7-8906-5e1128945e3f&#8221; text_orientation=&#8221;center&#8221; custom_margin=&#8221;||10px||false|false&#8221; global_colors_info=&#8221;{%22gcid-2f3f3e09-0a26-4ea7-8906-5e1128945e3f%22:%91%22header_4_text_color%22%93}&#8221;]<\/p>\n<h4>Pers\u00f3nuvernd<\/h4>\n<p>[\/et_pb_text][et_pb_image src=&#8221;https:\/\/fbg.is\/wp-content\/uploads\/2023\/12\/attorney-1.png&#8221; title_text=&#8221;attorney-1&#8243; _builder_version=&#8221;4.20.0&#8243; _module_preset=&#8221;default&#8221; max_width=&#8221;130px&#8221; module_alignment=&#8221;center&#8221; global_colors_info=&#8221;{}&#8221;][\/et_pb_image][et_pb_text _builder_version=&#8221;4.20.0&#8243; _module_preset=&#8221;20572b5c-b8b3-4a69-be27-3fa0d1eb8186&#8243; header_text_color=&#8221;gcid-11d3dbbb-f6dc-4fb8-929b-9d6994368d00&#8243; text_orientation=&#8221;center&#8221; global_colors_info=&#8221;{%22gcid-11d3dbbb-f6dc-4fb8-929b-9d6994368d00%22:%91%22header_text_color%22%93}&#8221;]<\/p>\n<h1>Fram\u00farskarandi<\/h1>\n<p>[\/et_pb_text][\/et_pb_column][\/et_pb_row][\/et_pb_section][et_pb_section fb_built=&#8221;1&#8243; admin_label=&#8221;Service Info&#8221; _builder_version=&#8221;4.20.0&#8243; _module_preset=&#8221;default&#8221; background_color=&#8221;gcid-9fa4a1b6-767d-41ca-984c-a6f10449c843&#8243; collapsed=&#8221;on&#8221; global_colors_info=&#8221;{%22gcid-9fa4a1b6-767d-41ca-984c-a6f10449c843%22:%91%22background_color%22%93}&#8221;][et_pb_row custom_padding_last_edited=&#8221;on|desktop&#8221; _builder_version=&#8221;4.20.0&#8243; _module_preset=&#8221;default&#8221; custom_padding=&#8221;30px|60px|30px|60px|true|true&#8221; custom_padding_tablet=&#8221;|40px||40px|false|true&#8221; custom_padding_phone=&#8221;20px|20px|20px|20px|true|true&#8221; border_color_all=&#8221;gcid-11d3dbbb-f6dc-4fb8-929b-9d6994368d00&#8243; border_width_left=&#8221;5px&#8221; global_colors_info=&#8221;{%22gcid-11d3dbbb-f6dc-4fb8-929b-9d6994368d00%22:%91%22border_color_all%22%93}&#8221;][et_pb_column type=&#8221;4_4&#8243; _builder_version=&#8221;4.20.0&#8243; _module_preset=&#8221;default&#8221; global_colors_info=&#8221;{}&#8221;][et_pb_text _builder_version=&#8221;4.23.1&#8243; _module_preset=&#8221;2d5a0816-38d2-4587-b3ec-0a6c56e75b5f&#8221; header_3_font=&#8221;Georgia|700||on|||||&#8221; header_3_text_color=&#8221;gcid-11d3dbbb-f6dc-4fb8-929b-9d6994368d00&#8243; global_colors_info=&#8221;{%22gcid-11d3dbbb-f6dc-4fb8-929b-9d6994368d00%22:%91%22header_3_text_color%22%93}&#8221;]<\/p>\n<h3 style=\"text-align: right;\">\u00c1byrg\u00f0ara\u00f0ilar sem veita fram\u00farskarandi fr\u00e6\u00f0slu vegna rafr\u00e6nnar v\u00f6ktunar me\u00f0 eftirlitsmyndav\u00e9lum:<\/h3>\n<p>[\/et_pb_text][et_pb_text _builder_version=&#8221;4.23.1&#8243; _module_preset=&#8221;6a56ba8f-de08-4ab2-baba-3f7df8c5db38&#8243; text_text_color=&#8221;#FFFFFF&#8221; global_colors_info=&#8221;{}&#8221;]<\/p>\n<p style=\"text-align: justify;\">Eftirfarandi a\u00f0ilar veita fram\u00farskarandi fr\u00e6\u00f0slu um \u00fe\u00e1 rafr\u00e6nu v\u00f6ktun eftirlitsmyndav\u00e9la sem \u00feeir vi\u00f0hafa \u00e1 v\u00f6ktu\u00f0um sv\u00e6\u00f0um \u00ed s\u00ednum rekstri.\u00a0<\/p>\n<p style=\"text-align: justify;\">A\u00f0 vera fram\u00farskarandi \u00e1byrg\u00f0ara\u00f0ili \u00fe\u00fd\u00f0ir a\u00f0 \u00fe\u00fa tekur pers\u00f3nuvernd og vinnslu pers\u00f3nuuppl\u00fdsinga alvarlega og gerir allt sem \u00ed \u00fe\u00ednu valdi stendur til \u00feess a\u00f0 tryggja a\u00f0 grundvallarr\u00e9ttindi og frelsi einstaklinga s\u00e9u ekki brotin vi\u00f0 vinnslu pers\u00f3nuuppl\u00fdsinga hj\u00e1 \u00fe\u00ednu fyrirt\u00e6ki.<\/p>\n<p style=\"text-align: justify;\">\u00cd \u00fev\u00ed felst a\u00f0 \u00fe\u00fa ert me\u00f0 merkingar til sta\u00f0ar \u00e1\u00f0ur en einstaklingur st\u00edgur inn \u00ed sj\u00f3nsvi\u00f0 myndav\u00e9lar e\u00f0a \u00e1 hi\u00f0 vakta\u00f0a sv\u00e6\u00f0i, sem tilkynnir honum a\u00f0 rafr\u00e6n v\u00f6ktun eftirlitsmyndav\u00e9la s\u00e9 vi\u00f0h\u00f6f\u00f0, hver s\u00e9 \u00e1byrg\u00f0ara\u00f0ili vinnslu pers\u00f3nuuppl\u00fdsinganna og hvernig megi n\u00e1lgast vi\u00f0b\u00f3tarfr\u00e6\u00f0slu vegna v\u00f6ktunarinnar. Sl\u00edkt er gert me\u00f0 QR-k\u00f3\u00f0a og vi\u00f0b\u00f3tarfr\u00e6\u00f0slu sem er sett \u00e1 \u00e1berandi sta\u00f0 \u00ed hinu vakta\u00f0a r\u00fdmi. \u00deegar einstaklingurinn skannar QR-k\u00f3\u00f0ann, opnast vefs\u00ed\u00f0a hj\u00e1 \u00e1byrg\u00f0ara\u00f0ila \u00fear sem vi\u00f0b\u00f3taruppl\u00fdsingarnar eru lista\u00f0ar upp.\u00a0 \u00a0<\/p>\n<p style=\"text-align: justify;\">\n<p>[\/et_pb_text][\/et_pb_column][\/et_pb_row][et_pb_row _builder_version=&#8221;4.23.1&#8243; _module_preset=&#8221;default&#8221; global_colors_info=&#8221;{}&#8221;][et_pb_column type=&#8221;4_4&#8243; _builder_version=&#8221;4.23.1&#8243; _module_preset=&#8221;default&#8221; global_colors_info=&#8221;{}&#8221;][et_pb_slider _builder_version=&#8221;4.23.1&#8243; _module_preset=&#8221;default&#8221; global_colors_info=&#8221;{}&#8221;][et_pb_slide heading=&#8221;Sj\u00fakra\u00fej\u00e1lfun \u00cdslands&#8221; _builder_version=&#8221;4.23.1&#8243; _module_preset=&#8221;default&#8221; global_colors_info=&#8221;{}&#8221; sticky_transition=&#8221;on&#8221;]<\/p>\n<p>Fram\u00farskarandi fr\u00e6\u00f0sla vegna rafr\u00e6nnar v\u00f6ktunar me\u00f0 eftirlitsmyndav\u00e9lum.<\/p>\n<p>[\/et_pb_slide][et_pb_slide heading=&#8221;Thai Kitchen&#8221; _builder_version=&#8221;4.23.1&#8243; _module_preset=&#8221;default&#8221; global_colors_info=&#8221;{}&#8221; sticky_transition=&#8221;on&#8221;]<\/p>\n<p>Fram\u00farskarandi fr\u00e6\u00f0sla vegna rafr\u00e6nnar v\u00f6ktunar me\u00f0 eftirlitsmyndav\u00e9lum.<\/p>\n<p>[\/et_pb_slide][et_pb_slide heading=&#8221;H\u00fasf\u00e9lagi\u00f0 Skeljagranda 1,3,5 og 7&#8243; _builder_version=&#8221;4.23.1&#8243; _module_preset=&#8221;default&#8221; global_colors_info=&#8221;{}&#8221; sticky_transition=&#8221;on&#8221;]<\/p>\n<p>Fram\u00farskarandi fr\u00e6\u00f0sla vegna rafr\u00e6nnar v\u00f6ktunar me\u00f0 eftirlitsmyndav\u00e9lum.<\/p>\n<p>[\/et_pb_slide][\/et_pb_slider][\/et_pb_column][\/et_pb_row][et_pb_row _builder_version=&#8221;4.20.0&#8243; _module_preset=&#8221;default&#8221; global_colors_info=&#8221;{}&#8221;][et_pb_column type=&#8221;4_4&#8243; _builder_version=&#8221;4.20.0&#8243; _module_preset=&#8221;default&#8221; global_colors_info=&#8221;{}&#8221;][et_pb_image src=&#8221;https:\/\/fbg.is\/wp-content\/uploads\/2023\/12\/attorney-22.jpg&#8221; title_text=&#8221;attorney-22&#8243; _builder_version=&#8221;4.20.0&#8243; _module_preset=&#8221;default&#8221; global_colors_info=&#8221;{}&#8221;][\/et_pb_image][\/et_pb_column][\/et_pb_row][et_pb_row column_structure=&#8221;1_4,3_4&#8243; _builder_version=&#8221;4.20.0&#8243; _module_preset=&#8221;default&#8221; global_colors_info=&#8221;{}&#8221;][et_pb_column type=&#8221;1_4&#8243; _builder_version=&#8221;4.20.0&#8243; _module_preset=&#8221;default&#8221; global_colors_info=&#8221;{}&#8221;][et_pb_text _builder_version=&#8221;4.23.1&#8243; _module_preset=&#8221;70bacefa-5c2d-4a57-9e8a-ca199c53d38e&#8221; global_colors_info=&#8221;{%22gcid-11d3dbbb-f6dc-4fb8-929b-9d6994368d00%22:%91%22header_4_text_color%22%93}&#8221;]<\/p>\n<h4><\/h4>\n<p>[\/et_pb_text][\/et_pb_column][et_pb_column type=&#8221;3_4&#8243; _builder_version=&#8221;4.20.0&#8243; _module_preset=&#8221;default&#8221; global_colors_info=&#8221;{}&#8221;][et_pb_text _builder_version=&#8221;4.23.1&#8243; _module_preset=&#8221;6a56ba8f-de08-4ab2-baba-3f7df8c5db38&#8243; text_text_color=&#8221;#FFFFFF&#8221; global_colors_info=&#8221;{}&#8221;][\/et_pb_text][\/et_pb_column][\/et_pb_row][et_pb_row column_structure=&#8221;1_4,3_4&#8243; _builder_version=&#8221;4.20.0&#8243; _module_preset=&#8221;default&#8221; global_colors_info=&#8221;{}&#8221;][et_pb_column type=&#8221;1_4&#8243; _builder_version=&#8221;4.20.0&#8243; _module_preset=&#8221;default&#8221; global_colors_info=&#8221;{}&#8221;][et_pb_text _builder_version=&#8221;4.23.1&#8243; _module_preset=&#8221;70bacefa-5c2d-4a57-9e8a-ca199c53d38e&#8221; locked=&#8221;off&#8221; global_colors_info=&#8221;{%22gcid-11d3dbbb-f6dc-4fb8-929b-9d6994368d00%22:%91%22header_4_text_color%22%93}&#8221;]<\/p>\n<h4>Ferli\u00f0<\/h4>\n<p>[\/et_pb_text][\/et_pb_column][et_pb_column type=&#8221;3_4&#8243; _builder_version=&#8221;4.20.0&#8243; _module_preset=&#8221;default&#8221; global_colors_info=&#8221;{}&#8221;][et_pb_blurb title=&#8221;\u00de\u00fa hefur samband vi\u00f0 okkur. Vi\u00f0 t\u00f6kum fund saman.&#8221; use_icon=&#8221;on&#8221; font_icon=&#8221;&#x4e;||divi||400&#8243; _builder_version=&#8221;4.23.1&#8243; _module_preset=&#8221;af906694-a7f8-4d4e-9f90-7be33a21d035&#8243; custom_margin=&#8221;||20px||false|false&#8221; locked=&#8221;off&#8221; global_colors_info=&#8221;{}&#8221;][\/et_pb_blurb][et_pb_blurb title=&#8221;Vi\u00f0 greinum st\u00f6\u00f0una.&#8221; use_icon=&#8221;on&#8221; font_icon=&#8221;&#x4e;||divi||400&#8243; _builder_version=&#8221;4.23.1&#8243; _module_preset=&#8221;af906694-a7f8-4d4e-9f90-7be33a21d035&#8243; custom_margin=&#8221;||20px||false|false&#8221; locked=&#8221;off&#8221; global_colors_info=&#8221;{}&#8221;][\/et_pb_blurb][et_pb_blurb title=&#8221;Vi\u00f0 lagf\u00e6rum \u00fea\u00f0 sem \u00fearf til \u00feess a\u00f0 \u00fe\u00fa uppfyllir kr\u00f6fur pers\u00f3nuverndarlaga.&#8221; use_icon=&#8221;on&#8221; font_icon=&#8221;&#x4e;||divi||400&#8243; _builder_version=&#8221;4.23.1&#8243; _module_preset=&#8221;af906694-a7f8-4d4e-9f90-7be33a21d035&#8243; custom_margin=&#8221;||20px||false|false&#8221; locked=&#8221;off&#8221; global_colors_info=&#8221;{}&#8221;][\/et_pb_blurb][\/et_pb_column][\/et_pb_row][et_pb_row column_structure=&#8221;1_4,3_4&#8243; _builder_version=&#8221;4.20.0&#8243; _module_preset=&#8221;default&#8221; global_colors_info=&#8221;{}&#8221;][et_pb_column type=&#8221;1_4&#8243; _builder_version=&#8221;4.20.0&#8243; _module_preset=&#8221;default&#8221; global_colors_info=&#8221;{}&#8221;][et_pb_text _builder_version=&#8221;4.23.1&#8243; _module_preset=&#8221;70bacefa-5c2d-4a57-9e8a-ca199c53d38e&#8221; global_colors_info=&#8221;{%22gcid-11d3dbbb-f6dc-4fb8-929b-9d6994368d00%22:%91%22header_4_text_color%22%93}&#8221;]<\/p>\n<h4>Ni\u00f0ursta\u00f0an<\/h4>\n<p>[\/et_pb_text][\/et_pb_column][et_pb_column type=&#8221;3_4&#8243; _builder_version=&#8221;4.20.0&#8243; _module_preset=&#8221;default&#8221; global_colors_info=&#8221;{}&#8221;][et_pb_text _builder_version=&#8221;4.23.1&#8243; _module_preset=&#8221;6a56ba8f-de08-4ab2-baba-3f7df8c5db38&#8243; text_text_color=&#8221;#FFFFFF&#8221; custom_padding=&#8221;||0px|||&#8221; global_colors_info=&#8221;{}&#8221;]<\/p>\n<p style=\"text-align: justify;\">Vi\u00f0skiptavinir \u00fe\u00ednir sj\u00e1 a\u00f0 \u00fe\u00e9r er umhuga\u00f0 um grundvallarr\u00e9ttindi \u00feeirra og frelsi. \u00deeir sj\u00e1 ennfremur a\u00f0 \u00fe\u00fa tekur \u00f6ryggi \u00feeirra pers\u00f3nuuppl\u00fdsinga, sem \u00feeir treysta \u00fe\u00e9r fyrir, alvarlega og gerir nau\u00f0synlegar r\u00e1\u00f0stafanir til \u00feess a\u00f0 allir sem koma a\u00f0 me\u00f0fer\u00f0 pers\u00f3nuuppl\u00fdsinga \u00e1 \u00fe\u00ednum vegum \u00feekki \u00fe\u00e6r kr\u00f6fur sem pers\u00f3nuverndarl\u00f6ggj\u00f6fin gerir til ykkar vegna vinnslunnar, hverju nafni sem h\u00fan nefnist.\u00a0\u00a0<\/p>\n<p>[\/et_pb_text][\/et_pb_column][\/et_pb_row][\/et_pb_section][et_pb_section fb_built=&#8221;1&#8243; admin_label=&#8221;Footer&#8221; _builder_version=&#8221;4.20.0&#8243; _module_preset=&#8221;default&#8221; use_background_color_gradient=&#8221;on&#8221; background_color_gradient_stops=&#8221;#1e232b 0%|rgba(30,35,43,0.9) 100%&#8221; background_color_gradient_overlays_image=&#8221;on&#8221; background_image=&#8221;https:\/\/fbg.is\/wp-content\/uploads\/2023\/12\/paper-texture.jpg&#8221; saved_tabs=&#8221;all&#8221; collapsed=&#8221;off&#8221; global_colors_info=&#8221;{}&#8221; theme_builder_area=&#8221;post_content&#8221;][et_pb_row column_structure=&#8221;1_3,1_3,1_3&#8243; _builder_version=&#8221;4.20.0&#8243; _module_preset=&#8221;default&#8221; global_colors_info=&#8221;{}&#8221; theme_builder_area=&#8221;post_content&#8221;][et_pb_column type=&#8221;1_3&#8243; _builder_version=&#8221;4.20.0&#8243; _module_preset=&#8221;default&#8221; global_colors_info=&#8221;{}&#8221; theme_builder_area=&#8221;post_content&#8221;][et_pb_text _builder_version=&#8221;4.20.0&#8243; _module_preset=&#8221;6869312e-eb77-4055-a1e1-26165e3897b0&#8243; text_orientation=&#8221;center&#8221; global_colors_info=&#8221;{%22gcid-11d3dbbb-f6dc-4fb8-929b-9d6994368d00%22:%91%22header_4_text_color%22%93}&#8221; theme_builder_area=&#8221;post_content&#8221;]<\/p>\n<h4>skrifstofut\u00edmar<\/h4>\n<p>[\/et_pb_text][et_pb_text _builder_version=&#8221;4.27.4&#8243; _module_preset=&#8221;fec6771b-8210-4dd3-a0d5-b2f7fa98c312&#8243; text_text_color=&#8221;#FFFFFF&#8221; text_orientation=&#8221;center&#8221; custom_margin=&#8221;||10px||false|false&#8221; locked=&#8221;off&#8221; global_colors_info=&#8221;{}&#8221; theme_builder_area=&#8221;post_content&#8221;]<\/p>\n<p>Alla virka daga fr\u00e1 &#8211; 09:00 til 17:00.<\/p>\n<p>B\u00f3ka \u00fearf t\u00edma me\u00f0 t\u00f6lvup\u00f3sti.<\/p>\n<p>[\/et_pb_text][\/et_pb_column][et_pb_column type=&#8221;1_3&#8243; _builder_version=&#8221;4.20.0&#8243; _module_preset=&#8221;default&#8221; global_colors_info=&#8221;{}&#8221; theme_builder_area=&#8221;post_content&#8221;][et_pb_image src=&#8221;https:\/\/fbg.is\/wp-content\/uploads\/2023\/05\/FBG-Radgjof-logo-205-x-205-px.jpg&#8221; title_text=&#8221;FBG Ra\u0301\u00f0gjo\u0308f logo (205 x 205 px)&#8221; align=&#8221;center&#8221; _builder_version=&#8221;4.23.1&#8243; _module_preset=&#8221;default&#8221; max_height=&#8221;80px&#8221; global_colors_info=&#8221;{}&#8221; theme_builder_area=&#8221;post_content&#8221;][\/et_pb_image][et_pb_text _builder_version=&#8221;4.23.1&#8243; _module_preset=&#8221;bad48ee6-aefe-426b-ae84-c094d35a8d7f&#8221; header_4_font=&#8221;Georgia|700||on|||||&#8221; header_4_text_color=&#8221;#FFFFFF&#8221; text_orientation=&#8221;center&#8221; locked=&#8221;off&#8221; global_colors_info=&#8221;{}&#8221; theme_builder_area=&#8221;post_content&#8221;]<\/p>\n<h4>FBG r\u00e1\u00f0gj\u00f6f ehf.<\/h4>\n<p>kt.: 450917-0440\u00a0<\/p>\n<p>Vsk.: 129215<\/p>\n<p>[\/et_pb_text][\/et_pb_column][et_pb_column type=&#8221;1_3&#8243; _builder_version=&#8221;4.20.0&#8243; _module_preset=&#8221;default&#8221; global_colors_info=&#8221;{}&#8221; theme_builder_area=&#8221;post_content&#8221;][et_pb_text _builder_version=&#8221;4.23.1&#8243; _module_preset=&#8221;bad48ee6-aefe-426b-ae84-c094d35a8d7f&#8221; text_orientation=&#8221;center&#8221; locked=&#8221;off&#8221; global_colors_info=&#8221;{%22gcid-11d3dbbb-f6dc-4fb8-929b-9d6994368d00%22:%91%22header_4_text_color%22%93}&#8221; theme_builder_area=&#8221;post_content&#8221;]<\/p>\n<h4>Hafa samband<\/h4>\n<p>[\/et_pb_text][et_pb_text _builder_version=&#8221;4.27.4&#8243; _module_preset=&#8221;fec6771b-8210-4dd3-a0d5-b2f7fa98c312&#8243; text_text_color=&#8221;#FFFFFF&#8221; link_text_color=&#8221;#FFFFFF&#8221; text_orientation=&#8221;center&#8221; custom_margin=&#8221;||10px||false|false&#8221; locked=&#8221;off&#8221; global_colors_info=&#8221;{}&#8221; theme_builder_area=&#8221;post_content&#8221;]<\/p>\n<p>Heimilisfang: Stekkjarbakki 6<\/p>\n<p>[\/et_pb_text][et_pb_text _builder_version=&#8221;4.27.4&#8243; _module_preset=&#8221;fec6771b-8210-4dd3-a0d5-b2f7fa98c312&#8243; text_text_color=&#8221;#FFFFFF&#8221; link_text_color=&#8221;#FFFFFF&#8221; text_orientation=&#8221;center&#8221; custom_margin=&#8221;||10px||false|false&#8221; locked=&#8221;off&#8221; global_colors_info=&#8221;{}&#8221; theme_builder_area=&#8221;post_content&#8221;]<\/p>\n<p>S\u00edmi: 779-0900<\/p>\n<p>[\/et_pb_text][et_pb_text _builder_version=&#8221;4.27.4&#8243; _module_preset=&#8221;fec6771b-8210-4dd3-a0d5-b2f7fa98c312&#8243; text_text_color=&#8221;#FFFFFF&#8221; link_text_color=&#8221;#FFFFFF&#8221; text_orientation=&#8221;center&#8221; custom_margin=&#8221;||10px||false|false&#8221; locked=&#8221;off&#8221; global_colors_info=&#8221;{}&#8221; theme_builder_area=&#8221;post_content&#8221;]<\/p>\n<p>Netfang: fbg@fbg.is<\/p>\n<p>[\/et_pb_text][\/et_pb_column][\/et_pb_row][et_pb_row _builder_version=&#8221;4.20.0&#8243; _module_preset=&#8221;default&#8221; custom_padding=&#8221;0px||0px||true|&#8221; global_colors_info=&#8221;{}&#8221; theme_builder_area=&#8221;post_content&#8221;][et_pb_column type=&#8221;4_4&#8243; _builder_version=&#8221;4.20.0&#8243; _module_preset=&#8221;default&#8221; global_colors_info=&#8221;{}&#8221; theme_builder_area=&#8221;post_content&#8221;][et_pb_social_media_follow icon_color=&#8221;#000000&#8243; _builder_version=&#8221;4.27.4&#8243; _module_preset=&#8221;default&#8221; text_orientation=&#8221;center&#8221; custom_margin=&#8221;||||false|false&#8221; border_radii=&#8221;on|100px|100px|100px|100px&#8221; locked=&#8221;off&#8221; global_colors_info=&#8221;{}&#8221; theme_builder_area=&#8221;post_content&#8221;][et_pb_social_media_follow_network social_network=&#8221;facebook&#8221; url=&#8221;https:\/\/www.facebook.com\/profile.php?id=61554778734071&#8243; _builder_version=&#8221;4.27.4&#8243; _module_preset=&#8221;default&#8221; background_color=&#8221;gcid-11d3dbbb-f6dc-4fb8-929b-9d6994368d00&#8243; background_enable_color=&#8221;on&#8221; custom_padding=&#8221;8px|8px|8px|8px|true|true&#8221; global_colors_info=&#8221;{%22gcid-11d3dbbb-f6dc-4fb8-929b-9d6994368d00%22:%91%22background_color%22%93}&#8221; theme_builder_area=&#8221;post_content&#8221; follow_button=&#8221;off&#8221; url_new_window=&#8221;on&#8221;]facebook[\/et_pb_social_media_follow_network][et_pb_social_media_follow_network social_network=&#8221;instagram&#8221; url=&#8221;https:\/\/instagram.com\/personuverndarfulltrui&#8221; _builder_version=&#8221;4.27.4&#8243; _module_preset=&#8221;default&#8221; background_color=&#8221;gcid-11d3dbbb-f6dc-4fb8-929b-9d6994368d00&#8243; background_enable_color=&#8221;on&#8221; custom_padding=&#8221;8px|8px|8px|8px|true|true&#8221; global_colors_info=&#8221;{%22gcid-11d3dbbb-f6dc-4fb8-929b-9d6994368d00%22:%91%22background_color%22%93}&#8221; theme_builder_area=&#8221;post_content&#8221; follow_button=&#8221;off&#8221; url_new_window=&#8221;on&#8221;]instagram[\/et_pb_social_media_follow_network][\/et_pb_social_media_follow][et_pb_divider color=&#8221;gcid-11d3dbbb-f6dc-4fb8-929b-9d6994368d00&#8243; _builder_version=&#8221;4.20.0&#8243; _module_preset=&#8221;default&#8221; custom_margin=&#8221;||0px||false|false&#8221; global_colors_info=&#8221;{%22gcid-11d3dbbb-f6dc-4fb8-929b-9d6994368d00%22:%91%22color%22%93}&#8221; theme_builder_area=&#8221;post_content&#8221;][\/et_pb_divider][et_pb_text _builder_version=&#8221;4.23.1&#8243; _dynamic_attributes=&#8221;content&#8221; _module_preset=&#8221;02759456-00c1-445f-90e6-580aebde6932&#8243; text_text_color=&#8221;#FFFFFF&#8221; text_orientation=&#8221;center&#8221; locked=&#8221;off&#8221; global_colors_info=&#8221;{}&#8221; theme_builder_area=&#8221;post_content&#8221;]@ET-DC@eyJkeW5hbWljIjp0cnVlLCJjb250ZW50IjoiY3VycmVudF9kYXRlIiwic2V0dGluZ3MiOnsiYmVmb3JlIjoiQ29weXJpZ2h0ICZjb3B5OyAiLCJhZnRlciI6IiBGQkcgclx1MDBlMVx1MDBmMGdqXHUwMGY2ZiBlaGYuIEFsbHVyIHJcdTAwZTl0dHVyIFx1MDBlMXNraWxpbm4uIiwiZGF0ZV9mb3JtYXQiOiJjdXN0b20iLCJjdXN0b21fZGF0ZV9mb3JtYXQiOiJZIn19@[\/et_pb_text][\/et_pb_column][\/et_pb_row][\/et_pb_section]<\/p>\n","protected":false},"excerpt":{"rendered":"<p>Pers\u00f3nuverndFram\u00farskarandi\u00c1byrg\u00f0ara\u00f0ilar sem veita fram\u00farskarandi fr\u00e6\u00f0slu vegna rafr\u00e6nnar v\u00f6ktunar me\u00f0 eftirlitsmyndav\u00e9lum:Eftirfarandi a\u00f0ilar veita fram\u00farskarandi fr\u00e6\u00f0slu um \u00fe\u00e1 rafr\u00e6nu v\u00f6ktun eftirlitsmyndav\u00e9la sem \u00feeir vi\u00f0hafa \u00e1 v\u00f6ktu\u00f0um sv\u00e6\u00f0um \u00ed s\u00ednum rekstri.\u00a0 A\u00f0 vera fram\u00farskarandi \u00e1byrg\u00f0ara\u00f0ili \u00fe\u00fd\u00f0ir a\u00f0 \u00fe\u00fa tekur pers\u00f3nuvernd og vinnslu pers\u00f3nuuppl\u00fdsinga alvarlega og gerir allt sem \u00ed \u00fe\u00ednu valdi stendur til \u00feess a\u00f0 tryggja a\u00f0 grundvallarr\u00e9ttindi [&hellip;]<\/p>\n","protected":false},"author":1,"featured_media":0,"parent":0,"menu_order":0,"comment_status":"closed","ping_status":"closed","template":"","meta":{"_et_pb_use_builder":"on","_et_pb_old_content":"","_et_gb_content_width":"","footnotes":""},"class_list":["post-1208","page","type-page","status-publish","hentry"],"yoast_head":"<!-- This site is optimized with the Yoast SEO plugin v26.7 - https:\/\/yoast.com\/wordpress\/plugins\/seo\/ -->\n<title>Fram\u00farskarandi \u00e1byrg\u00f0ara\u00f0ilar - FBG R\u00e1\u00f0gj\u00f6f ehf.<\/title>\n<meta name=\"robots\" content=\"index, follow, max-snippet:-1, max-image-preview:large, max-video-preview:-1\" \/>\n<link rel=\"canonical\" href=\"https:\/\/fbg.is\/?page_id=1208\" \/>\n<meta property=\"og:locale\" content=\"en_US\" \/>\n<meta property=\"og:type\" content=\"article\" \/>\n<meta property=\"og:title\" content=\"Fram\u00farskarandi \u00e1byrg\u00f0ara\u00f0ilar - FBG R\u00e1\u00f0gj\u00f6f ehf.\" \/>\n<meta property=\"og:description\" content=\"Pers\u00f3nuverndFram\u00farskarandi\u00c1byrg\u00f0ara\u00f0ilar sem veita fram\u00farskarandi fr\u00e6\u00f0slu vegna rafr\u00e6nnar v\u00f6ktunar me\u00f0 eftirlitsmyndav\u00e9lum:Eftirfarandi a\u00f0ilar veita fram\u00farskarandi fr\u00e6\u00f0slu um \u00fe\u00e1 rafr\u00e6nu v\u00f6ktun eftirlitsmyndav\u00e9la sem \u00feeir vi\u00f0hafa \u00e1 v\u00f6ktu\u00f0um sv\u00e6\u00f0um \u00ed s\u00ednum rekstri.\u00a0 A\u00f0 vera fram\u00farskarandi \u00e1byrg\u00f0ara\u00f0ili \u00fe\u00fd\u00f0ir a\u00f0 \u00fe\u00fa tekur pers\u00f3nuvernd og vinnslu pers\u00f3nuuppl\u00fdsinga alvarlega og gerir allt sem \u00ed \u00fe\u00ednu valdi stendur til \u00feess a\u00f0 tryggja a\u00f0 grundvallarr\u00e9ttindi [&hellip;]\" \/>\n<meta property=\"og:url\" content=\"https:\/\/fbg.is\/?page_id=1208\" \/>\n<meta property=\"og:site_name\" content=\"FBG R\u00e1\u00f0gj\u00f6f ehf.\" \/>\n<meta property=\"article:publisher\" content=\"https:\/\/www.facebook.com\/profile.php?id=61554778734071\" \/>\n<meta property=\"article:modified_time\" content=\"2025-11-10T13:54:56+00:00\" \/>\n<meta name=\"twitter:card\" content=\"summary_large_image\" \/>\n<meta name=\"twitter:label1\" content=\"Est. reading time\" \/>\n\t<meta name=\"twitter:data1\" content=\"2 minutes\" \/>\n<script type=\"application\/ld+json\" class=\"yoast-schema-graph\">{\"@context\":\"https:\/\/schema.org\",\"@graph\":[{\"@type\":\"WebPage\",\"@id\":\"https:\/\/fbg.is\/?page_id=1208\",\"url\":\"https:\/\/fbg.is\/?page_id=1208\",\"name\":\"Fram\u00farskarandi \u00e1byrg\u00f0ara\u00f0ilar - FBG R\u00e1\u00f0gj\u00f6f ehf.\",\"isPartOf\":{\"@id\":\"https:\/\/fbg.is\/#website\"},\"datePublished\":\"2024-04-22T14:13:24+00:00\",\"dateModified\":\"2025-11-10T13:54:56+00:00\",\"breadcrumb\":{\"@id\":\"https:\/\/fbg.is\/?page_id=1208#breadcrumb\"},\"inLanguage\":\"en-US\",\"potentialAction\":[{\"@type\":\"ReadAction\",\"target\":[\"https:\/\/fbg.is\/?page_id=1208\"]}]},{\"@type\":\"BreadcrumbList\",\"@id\":\"https:\/\/fbg.is\/?page_id=1208#breadcrumb\",\"itemListElement\":[{\"@type\":\"ListItem\",\"position\":1,\"name\":\"Home\",\"item\":\"https:\/\/fbg.is\/\"},{\"@type\":\"ListItem\",\"position\":2,\"name\":\"Fram\u00farskarandi \u00e1byrg\u00f0ara\u00f0ilar\"}]},{\"@type\":\"WebSite\",\"@id\":\"https:\/\/fbg.is\/#website\",\"url\":\"https:\/\/fbg.is\/\",\"name\":\"FBG r\u00e1\u00f0gj\u00f6f ehf.\",\"description\":\"L\u00f6gfr\u00e6\u00f0ir\u00e1\u00f0gj\u00f6f fyrir einstaklinga og fyrirt\u00e6ki\",\"publisher\":{\"@id\":\"https:\/\/fbg.is\/#organization\"},\"potentialAction\":[{\"@type\":\"SearchAction\",\"target\":{\"@type\":\"EntryPoint\",\"urlTemplate\":\"https:\/\/fbg.is\/?s={search_term_string}\"},\"query-input\":{\"@type\":\"PropertyValueSpecification\",\"valueRequired\":true,\"valueName\":\"search_term_string\"}}],\"inLanguage\":\"en-US\"},{\"@type\":\"Organization\",\"@id\":\"https:\/\/fbg.is\/#organization\",\"name\":\"FBG r\u00e1\u00f0gj\u00f6f ehf.\",\"url\":\"https:\/\/fbg.is\/\",\"logo\":{\"@type\":\"ImageObject\",\"inLanguage\":\"en-US\",\"@id\":\"https:\/\/fbg.is\/#\/schema\/logo\/image\/\",\"url\":\"https:\/\/fbg.is\/wp-content\/uploads\/2023\/05\/FBG-Radgjof-logo-205-x-205-px.jpg\",\"contentUrl\":\"https:\/\/fbg.is\/wp-content\/uploads\/2023\/05\/FBG-Radgjof-logo-205-x-205-px.jpg\",\"width\":205,\"height\":205,\"caption\":\"FBG r\u00e1\u00f0gj\u00f6f ehf.\"},\"image\":{\"@id\":\"https:\/\/fbg.is\/#\/schema\/logo\/image\/\"},\"sameAs\":[\"https:\/\/www.facebook.com\/profile.php?id=61554778734071\"]}]}<\/script>\n<!-- \/ Yoast SEO plugin. -->","yoast_head_json":{"title":"Fram\u00farskarandi \u00e1byrg\u00f0ara\u00f0ilar - FBG R\u00e1\u00f0gj\u00f6f ehf.","robots":{"index":"index","follow":"follow","max-snippet":"max-snippet:-1","max-image-preview":"max-image-preview:large","max-video-preview":"max-video-preview:-1"},"canonical":"https:\/\/fbg.is\/?page_id=1208","og_locale":"en_US","og_type":"article","og_title":"Fram\u00farskarandi \u00e1byrg\u00f0ara\u00f0ilar - FBG R\u00e1\u00f0gj\u00f6f ehf.","og_description":"Pers\u00f3nuverndFram\u00farskarandi\u00c1byrg\u00f0ara\u00f0ilar sem veita fram\u00farskarandi fr\u00e6\u00f0slu vegna rafr\u00e6nnar v\u00f6ktunar me\u00f0 eftirlitsmyndav\u00e9lum:Eftirfarandi a\u00f0ilar veita fram\u00farskarandi fr\u00e6\u00f0slu um \u00fe\u00e1 rafr\u00e6nu v\u00f6ktun eftirlitsmyndav\u00e9la sem \u00feeir vi\u00f0hafa \u00e1 v\u00f6ktu\u00f0um sv\u00e6\u00f0um \u00ed s\u00ednum rekstri.\u00a0 A\u00f0 vera fram\u00farskarandi \u00e1byrg\u00f0ara\u00f0ili \u00fe\u00fd\u00f0ir a\u00f0 \u00fe\u00fa tekur pers\u00f3nuvernd og vinnslu pers\u00f3nuuppl\u00fdsinga alvarlega og gerir allt sem \u00ed \u00fe\u00ednu valdi stendur til \u00feess a\u00f0 tryggja a\u00f0 grundvallarr\u00e9ttindi [&hellip;]","og_url":"https:\/\/fbg.is\/?page_id=1208","og_site_name":"FBG R\u00e1\u00f0gj\u00f6f ehf.","article_publisher":"https:\/\/www.facebook.com\/profile.php?id=61554778734071","article_modified_time":"2025-11-10T13:54:56+00:00","twitter_card":"summary_large_image","twitter_misc":{"Est. reading time":"2 minutes"},"schema":{"@context":"https:\/\/schema.org","@graph":[{"@type":"WebPage","@id":"https:\/\/fbg.is\/?page_id=1208","url":"https:\/\/fbg.is\/?page_id=1208","name":"Fram\u00farskarandi \u00e1byrg\u00f0ara\u00f0ilar - FBG R\u00e1\u00f0gj\u00f6f ehf.","isPartOf":{"@id":"https:\/\/fbg.is\/#website"},"datePublished":"2024-04-22T14:13:24+00:00","dateModified":"2025-11-10T13:54:56+00:00","breadcrumb":{"@id":"https:\/\/fbg.is\/?page_id=1208#breadcrumb"},"inLanguage":"en-US","potentialAction":[{"@type":"ReadAction","target":["https:\/\/fbg.is\/?page_id=1208"]}]},{"@type":"BreadcrumbList","@id":"https:\/\/fbg.is\/?page_id=1208#breadcrumb","itemListElement":[{"@type":"ListItem","position":1,"name":"Home","item":"https:\/\/fbg.is\/"},{"@type":"ListItem","position":2,"name":"Fram\u00farskarandi \u00e1byrg\u00f0ara\u00f0ilar"}]},{"@type":"WebSite","@id":"https:\/\/fbg.is\/#website","url":"https:\/\/fbg.is\/","name":"FBG r\u00e1\u00f0gj\u00f6f ehf.","description":"L\u00f6gfr\u00e6\u00f0ir\u00e1\u00f0gj\u00f6f fyrir einstaklinga og fyrirt\u00e6ki","publisher":{"@id":"https:\/\/fbg.is\/#organization"},"potentialAction":[{"@type":"SearchAction","target":{"@type":"EntryPoint","urlTemplate":"https:\/\/fbg.is\/?s={search_term_string}"},"query-input":{"@type":"PropertyValueSpecification","valueRequired":true,"valueName":"search_term_string"}}],"inLanguage":"en-US"},{"@type":"Organization","@id":"https:\/\/fbg.is\/#organization","name":"FBG r\u00e1\u00f0gj\u00f6f ehf.","url":"https:\/\/fbg.is\/","logo":{"@type":"ImageObject","inLanguage":"en-US","@id":"https:\/\/fbg.is\/#\/schema\/logo\/image\/","url":"https:\/\/fbg.is\/wp-content\/uploads\/2023\/05\/FBG-Radgjof-logo-205-x-205-px.jpg","contentUrl":"https:\/\/fbg.is\/wp-content\/uploads\/2023\/05\/FBG-Radgjof-logo-205-x-205-px.jpg","width":205,"height":205,"caption":"FBG r\u00e1\u00f0gj\u00f6f ehf."},"image":{"@id":"https:\/\/fbg.is\/#\/schema\/logo\/image\/"},"sameAs":["https:\/\/www.facebook.com\/profile.php?id=61554778734071"]}]}},"_links":{"self":[{"href":"https:\/\/fbg.is\/index.php?rest_route=\/wp\/v2\/pages\/1208","targetHints":{"allow":["GET"]}}],"collection":[{"href":"https:\/\/fbg.is\/index.php?rest_route=\/wp\/v2\/pages"}],"about":[{"href":"https:\/\/fbg.is\/index.php?rest_route=\/wp\/v2\/types\/page"}],"author":[{"embeddable":true,"href":"https:\/\/fbg.is\/index.php?rest_route=\/wp\/v2\/users\/1"}],"replies":[{"embeddable":true,"href":"https:\/\/fbg.is\/index.php?rest_route=%2Fwp%2Fv2%2Fcomments&post=1208"}],"version-history":[{"count":9,"href":"https:\/\/fbg.is\/index.php?rest_route=\/wp\/v2\/pages\/1208\/revisions"}],"predecessor-version":[{"id":1877,"href":"https:\/\/fbg.is\/index.php?rest_route=\/wp\/v2\/pages\/1208\/revisions\/1877"}],"wp:attachment":[{"href":"https:\/\/fbg.is\/index.php?rest_route=%2Fwp%2Fv2%2Fmedia&parent=1208"}],"curies":[{"name":"wp","href":"https:\/\/api.w.org\/{rel}","templated":true}]}}