{"id":1464,"date":"2024-12-30T17:32:37","date_gmt":"2024-12-30T17:32:37","guid":{"rendered":"https:\/\/fbg.is\/?page_id=1464"},"modified":"2025-11-10T10:48:57","modified_gmt":"2025-11-10T10:48:57","slug":"fagleg-adstod-a-svidi-felagarettar","status":"publish","type":"page","link":"https:\/\/fbg.is\/?page_id=1464","title":{"rendered":"Fagleg a\u00f0sto\u00f0 \u00e1 svi\u00f0i F\u00e9lagar\u00e9ttar"},"content":{"rendered":"<p>[et_pb_section fb_built=&#8221;1&#8243; admin_label=&#8221;Header&#8221; _builder_version=&#8221;4.20.0&#8243; _module_preset=&#8221;default&#8221; use_background_color_gradient=&#8221;on&#8221; background_color_gradient_stops=&#8221;rgba(31,35,44,0.7) 0%|gcid-9fa4a1b6-767d-41ca-984c-a6f10449c843 100%&#8221; background_color_gradient_overlays_image=&#8221;on&#8221; background_image=&#8221;https:\/\/fbg.is\/wp-content\/uploads\/2023\/12\/attorney-21.jpg&#8221; locked=&#8221;off&#8221; collapsed=&#8221;on&#8221; global_colors_info=&#8221;{%22gcid-9fa4a1b6-767d-41ca-984c-a6f10449c843%22:%91%22background_color_gradient_stops%22%93}&#8221;][et_pb_row _builder_version=&#8221;4.20.0&#8243; _module_preset=&#8221;default&#8221; global_colors_info=&#8221;{}&#8221;][et_pb_column type=&#8221;4_4&#8243; _builder_version=&#8221;4.20.0&#8243; _module_preset=&#8221;default&#8221; global_colors_info=&#8221;{}&#8221;][et_pb_text _builder_version=&#8221;4.27.4&#8243; _module_preset=&#8221;74717560-5fc8-441c-9c72-f3b554fb276a&#8221; header_4_text_color=&#8221;gcid-2f3f3e09-0a26-4ea7-8906-5e1128945e3f&#8221; text_orientation=&#8221;center&#8221; custom_margin=&#8221;||10px||false|false&#8221; global_colors_info=&#8221;{%22gcid-2f3f3e09-0a26-4ea7-8906-5e1128945e3f%22:%91%22header_4_text_color%22%93}&#8221;]<\/p>\n<h4>F\u00e9lagar\u00e9ttur<\/h4>\n<p>[\/et_pb_text][et_pb_image src=&#8221;https:\/\/fbg.is\/wp-content\/uploads\/2023\/12\/attorney-1.png&#8221; title_text=&#8221;attorney-1&#8243; _builder_version=&#8221;4.20.0&#8243; _module_preset=&#8221;default&#8221; max_width=&#8221;130px&#8221; module_alignment=&#8221;center&#8221; global_colors_info=&#8221;{}&#8221;][\/et_pb_image][et_pb_text _builder_version=&#8221;4.27.4&#8243; _module_preset=&#8221;20572b5c-b8b3-4a69-be27-3fa0d1eb8186&#8243; header_text_color=&#8221;gcid-11d3dbbb-f6dc-4fb8-929b-9d6994368d00&#8243; text_orientation=&#8221;center&#8221; global_colors_info=&#8221;{%22gcid-11d3dbbb-f6dc-4fb8-929b-9d6994368d00%22:%91%22header_text_color%22%93}&#8221;]<\/p>\n<h1>f\u00e1\u00f0u faglega r\u00e1\u00f0gj\u00f6f \u00e1 svi\u00f0i f\u00e9lagar\u00e9ttar<\/h1>\n<p>[\/et_pb_text][\/et_pb_column][\/et_pb_row][\/et_pb_section][et_pb_section fb_built=&#8221;1&#8243; admin_label=&#8221;Service Info&#8221; _builder_version=&#8221;4.20.0&#8243; _module_preset=&#8221;default&#8221; background_color=&#8221;gcid-9fa4a1b6-767d-41ca-984c-a6f10449c843&#8243; collapsed=&#8221;on&#8221; global_colors_info=&#8221;{%22gcid-9fa4a1b6-767d-41ca-984c-a6f10449c843%22:%91%22background_color%22%93}&#8221;][et_pb_row custom_padding_last_edited=&#8221;on|desktop&#8221; _builder_version=&#8221;4.20.0&#8243; _module_preset=&#8221;default&#8221; custom_padding=&#8221;30px|60px|30px|60px|true|true&#8221; custom_padding_tablet=&#8221;|40px||40px|false|true&#8221; custom_padding_phone=&#8221;20px|20px|20px|20px|true|true&#8221; border_color_all=&#8221;gcid-11d3dbbb-f6dc-4fb8-929b-9d6994368d00&#8243; border_width_left=&#8221;5px&#8221; global_colors_info=&#8221;{%22gcid-11d3dbbb-f6dc-4fb8-929b-9d6994368d00%22:%91%22border_color_all%22%93}&#8221;][et_pb_column type=&#8221;4_4&#8243; _builder_version=&#8221;4.20.0&#8243; _module_preset=&#8221;default&#8221; global_colors_info=&#8221;{}&#8221;][et_pb_text _builder_version=&#8221;4.23.1&#8243; _module_preset=&#8221;2d5a0816-38d2-4587-b3ec-0a6c56e75b5f&#8221; header_3_font=&#8221;Georgia|700||on|||||&#8221; header_3_text_color=&#8221;gcid-11d3dbbb-f6dc-4fb8-929b-9d6994368d00&#8243; global_colors_info=&#8221;{%22gcid-11d3dbbb-f6dc-4fb8-929b-9d6994368d00%22:%91%22header_3_text_color%22%93}&#8221;]<\/p>\n<h3>Almennt<\/h3>\n<p>[\/et_pb_text][et_pb_text _builder_version=&#8221;4.25.1&#8243; _module_preset=&#8221;6a56ba8f-de08-4ab2-baba-3f7df8c5db38&#8243; text_text_color=&#8221;#FFFFFF&#8221; global_colors_info=&#8221;{}&#8221;]<\/p>\n<p style=\"text-align: justify;\">\u00c9g veiti faglega r\u00e1\u00f0gj\u00f6f \u00e1 svi\u00f0i f\u00e9lagar\u00e9ttar. Vi\u00f0 stofnun f\u00e9lags er a\u00f0 m\u00f6rgu a\u00f0 hyggja. Regluverki\u00f0 er vi\u00f0amiki\u00f0 og mikilv\u00e6gt a\u00f0 \u00feekkja \u00fe\u00e1 \u00e1byrg\u00f0 sem einstaklingar bera t.d. vi\u00f0 stofnun einkahlutaf\u00e9lags. \u00c9g veiti alhli\u00f0a r\u00e1\u00f0gj\u00f6f vi\u00f0 stofnun f\u00e9laga, allt fr\u00e1 \u00fev\u00ed a\u00f0 undirb\u00faa og skila inn nau\u00f0synlegum stofng\u00f6gnum til vefs\u00ed\u00f0uger\u00f0ar og h\u00fdsingar vefs\u00ed\u00f0u f\u00e9lagsins og \u00ed raun allt \u00fear \u00e1 milli.\u00a0 \u00a0<\/p>\n<p style=\"text-align: justify;\"><span style=\"font-size: 16px;\">\u00c9g hvet \u00feig til \u00feess a\u00f0 hafa samband vi\u00f0 mig ef \u00fe\u00fa ert a\u00f0 hugsa um a\u00f0 stofna f\u00e9lag e\u00f0a ef \u00fe\u00fa \u00fearft l\u00f6gfr\u00e6\u00f0ir\u00e1\u00f0gj\u00f6f vi\u00f0 rekstur f\u00e9lags sem \u00fe\u00fa hefur \u00feegar stofna\u00f0. \u00de\u00e1 veiti \u00e9g einnig r\u00e1\u00f0gj\u00f6f vi\u00f0 kaup og s\u00f6lu l\u00edtilla og me\u00f0alst\u00f3rra fyrirt\u00e6kja.\u00a0\u00a0<\/span><\/p>\n<p style=\"text-align: justify;\">Vertu \u00ed sambandi vi\u00f0 mig og vi\u00f0 r\u00e6\u00f0um m\u00e1li\u00f0.\u00a0<\/p>\n<p style=\"text-align: justify;\">\n<p>[\/et_pb_text][\/et_pb_column][\/et_pb_row][et_pb_row _builder_version=&#8221;4.20.0&#8243; _module_preset=&#8221;default&#8221; global_colors_info=&#8221;{}&#8221;][et_pb_column type=&#8221;4_4&#8243; _builder_version=&#8221;4.20.0&#8243; _module_preset=&#8221;default&#8221; global_colors_info=&#8221;{}&#8221;][et_pb_image src=&#8221;https:\/\/fbg.is\/wp-content\/uploads\/2023\/12\/attorney-22.jpg&#8221; title_text=&#8221;attorney-22&#8243; _builder_version=&#8221;4.20.0&#8243; _module_preset=&#8221;default&#8221; global_colors_info=&#8221;{}&#8221;][\/et_pb_image][\/et_pb_column][\/et_pb_row][et_pb_row column_structure=&#8221;1_4,3_4&#8243; _builder_version=&#8221;4.20.0&#8243; _module_preset=&#8221;default&#8221; global_colors_info=&#8221;{}&#8221;][et_pb_column type=&#8221;1_4&#8243; _builder_version=&#8221;4.20.0&#8243; _module_preset=&#8221;default&#8221; global_colors_info=&#8221;{}&#8221;][et_pb_text disabled_on=&#8221;on|on|on&#8221; _builder_version=&#8221;4.27.4&#8243; _module_preset=&#8221;70bacefa-5c2d-4a57-9e8a-ca199c53d38e&#8221; disabled=&#8221;on&#8221; global_colors_info=&#8221;{%22gcid-11d3dbbb-f6dc-4fb8-929b-9d6994368d00%22:%91%22header_4_text_color%22%93}&#8221;]<\/p>\n<h4>Erf\u00f0al\u00f6g nr. 8\/1962.<\/h4>\n<p>[\/et_pb_text][\/et_pb_column][et_pb_column type=&#8221;3_4&#8243; _builder_version=&#8221;4.20.0&#8243; _module_preset=&#8221;default&#8221; global_colors_info=&#8221;{}&#8221;][et_pb_text disabled_on=&#8221;on|on|on&#8221; _builder_version=&#8221;4.27.4&#8243; _module_preset=&#8221;6a56ba8f-de08-4ab2-baba-3f7df8c5db38&#8243; text_text_color=&#8221;#FFFFFF&#8221; disabled=&#8221;on&#8221; global_colors_info=&#8221;{}&#8221;]<\/p>\n<p style=\"text-align: justify;\">\u00cd erf\u00f0ar\u00e9tti gilda erf\u00f0al\u00f6g nr. 8\/1962. \u00cd erf\u00f0al\u00f6gum er kve\u00f0i\u00f0 \u00e1 um meginhugt\u00f6k erf\u00f0ar\u00e9ttar. \u00deau eru erfingi, l\u00f6gerfingi, skylduerfingi, arfleifandi, arfur, l\u00f6garfur, br\u00e9farfur, br\u00e9ferfingi, d\u00e1narbe\u00f0sgj\u00f6f, d\u00e1nargj\u00f6f, arflei\u00f0sluheimild, arflei\u00f0sluh\u00e6fi, erf\u00f0askr\u00e1, l\u00edfsgj\u00f6f.<\/p>\n<p style=\"text-align: justify;\">Erf\u00f0ir skiptast \u00ed I. erf\u00f0 en \u00fear eru maki og ni\u00f0jar (b\u00f6rn og barnab\u00f6rn), II. erf\u00f0 en \u00fear eru maki arfleifanda, foreldrar og ni\u00f0jar foreldra, III. erf\u00f0 en \u00fear eru f\u00f6\u00f0urforeldrar og m\u00f3\u00f0urforeldrar arfleifanda og b\u00f6rn \u00feeirra. Ef enginn framangreindra a\u00f0ila er til sta\u00f0ar erfir r\u00edkissj\u00f3\u00f0ur arfleifanda.<\/p>\n<p style=\"text-align: justify;\"><strong>Hverjir eru l\u00f6gerfingjar?<\/strong><\/p>\n<p style=\"text-align: justify;\">\u00cd 1. mgr. 1. gr. erf\u00f0alaga er a\u00f0 finna skilgreiningu \u00e1 \u00fev\u00ed hverjir teljast l\u00f6gerfingjar arfleifanda. \u00cd 1. t\u00f6lul. eru b\u00f6rn arfleifanda og a\u00f0rir ni\u00f0jar. \u00cd 2. t\u00f6lul. eru foreldrar arfleifanda og ni\u00f0jar \u00feeirra. \u00cd 3. t\u00f6lul. eru foreldrar hvors foreldris arfleifanda um sig og b\u00f6rn \u00feeirra. \u00cd 4. t\u00f6lul. er maki arfleifanda.<\/p>\n<p style=\"text-align: justify;\"><strong>Hva\u00f0 er I. erf\u00f0?\u00a0<\/strong><\/p>\n<p style=\"text-align: justify;\">\u00cd 1. mgr. 2. gr. erf\u00f0alaga er kve\u00f0i\u00f0 \u00e1 um a\u00f0 maki erfi 1\/3 hluta eigna, \u00feegar b\u00f6rn eru \u00e1 l\u00edfi, en b\u00f6rnin erfi 2\/3 hluta eigna a\u00f0 j\u00f6fnu. Ef arfleifandi \u00e1 ekki maka, taka b\u00f6rn og a\u00f0rir ni\u00f0jar allan arf.<\/p>\n<p style=\"text-align: justify;\"><strong>Hva\u00f0 er II. erf\u00f0?\u00a0<\/strong><\/p>\n<p style=\"text-align: justify;\">\u00cd 1. mgr. 3. gr. erf\u00f0alaga er kve\u00f0i\u00f0 \u00e1 um a\u00f0 ef arfleifandi eigi enga ni\u00f0ja \u00e1 l\u00edfi, taki maki allan arf. \u00cd 2. mgr. s\u00f6mu greinar er kve\u00f0i\u00f0 \u00e1 um a\u00f0 ef maka s\u00e9 ekki til a\u00f0 dreifa falli allur arfur til foreldra a\u00f0 j\u00f6fnu. \u00cd 3. mgr. s\u00f6mu greinar er kve\u00f0i\u00f0 \u00e1 um a\u00f0 ef b\u00e1\u00f0ir foreldrar arfleifanda s\u00e9u l\u00e1tnir taki b\u00f6rn e\u00f0a a\u00f0rir ni\u00f0jar hvors foreldris um sig \u00feann arf, sem \u00fev\u00ed hef\u00f0i bori\u00f0.<\/p>\n<p style=\"text-align: justify;\"><strong>Hva\u00f0 er III. erf\u00f0?\u00a0<\/strong><\/p>\n<p style=\"text-align: justify;\">\u00cd 1. mgr. 4. gr. erf\u00f0alaga er kve\u00f0i\u00f0 \u00e1 um a\u00f0 ef enginn erfingi, skv. 2. e\u00f0a 3. gr. s\u00e9 \u00e1 l\u00edfi, taki f\u00f6\u00f0urforeldrar og m\u00f3\u00f0urforeldrar sinn helming arfs hvort.<\/p>\n<p>[\/et_pb_text][\/et_pb_column][\/et_pb_row][et_pb_row column_structure=&#8221;1_4,3_4&#8243; _builder_version=&#8221;4.20.0&#8243; _module_preset=&#8221;default&#8221; global_colors_info=&#8221;{}&#8221;][et_pb_column type=&#8221;1_4&#8243; _builder_version=&#8221;4.20.0&#8243; _module_preset=&#8221;default&#8221; global_colors_info=&#8221;{}&#8221;][et_pb_text disabled_on=&#8221;on|on|on&#8221; _builder_version=&#8221;4.27.4&#8243; _module_preset=&#8221;70bacefa-5c2d-4a57-9e8a-ca199c53d38e&#8221; disabled=&#8221;on&#8221; global_colors_info=&#8221;{%22gcid-11d3dbbb-f6dc-4fb8-929b-9d6994368d00%22:%91%22header_4_text_color%22%93}&#8221;]<\/p>\n<h4>\u00d3skipt b\u00fa<\/h4>\n<p>[\/et_pb_text][\/et_pb_column][et_pb_column type=&#8221;3_4&#8243; _builder_version=&#8221;4.20.0&#8243; _module_preset=&#8221;default&#8221; global_colors_info=&#8221;{}&#8221;][et_pb_text disabled_on=&#8221;on|on|on&#8221; _builder_version=&#8221;4.27.4&#8243; _module_preset=&#8221;6a56ba8f-de08-4ab2-baba-3f7df8c5db38&#8243; text_text_color=&#8221;#FFFFFF&#8221; disabled=&#8221;on&#8221; global_colors_info=&#8221;{}&#8221;]<\/p>\n<p style=\"text-align: justify;\">\u00cd II. kafla erf\u00f0alaga er kve\u00f0i\u00f0 \u00e1 um setu \u00ed \u00f3skiptu b\u00fai.<\/p>\n<p style=\"text-align: justify;\">\u00cd 1. mgr. 7. gr. erf\u00f0alaga er kve\u00f0i\u00f0 \u00e1 um a\u00f0 eftir l\u00e1t annars hj\u00f3na eigi hitt r\u00e9tt til setu \u00ed \u00f3skiptu b\u00fai me\u00f0 ni\u00f0jum beggja nema hi\u00f0 l\u00e1tna hafi m\u00e6lt svo fyrir \u00ed erf\u00f0askr\u00e1 a\u00f0 skipti skuli fara fram.<\/p>\n<p style=\"text-align: justify;\">\u00de\u00e1 er kve\u00f0i\u00f0 \u00e1 um \u00fea\u00f0 \u00ed 1. mgr. 8. gr. erf\u00f0alaga a\u00f0 \u00fev\u00ed hj\u00f3na sem lengur lifi s\u00e9 heimilt a\u00f0 sitja \u00ed \u00f3skiptu b\u00fai me\u00f0 \u00f3fj\u00e1rr\u00e1\u00f0a ni\u00f0jum l\u00e1tins maka s\u00edns, sem ekki eru ni\u00f0jar \u00feess, ef s\u00e1 e\u00f0a \u00feeir sem fara me\u00f0 forsj\u00e1 e\u00f0a l\u00f6gr\u00e1\u00f0 hinna \u00f3fj\u00e1rr\u00e1\u00f0a ni\u00f0ja veita sam\u00feykki sitt til \u00feess, enda hafi hi\u00f0 l\u00e1tna ekki m\u00e6lt svo fyrir \u00ed erf\u00f0askr\u00e1 a\u00f0 skipti skuli fara fram. Ef \u00fea\u00f0 hj\u00f3na sem lengur lifir fer me\u00f0 forsj\u00e1 e\u00f0a l\u00f6gr\u00e1\u00f0 \u00f3fj\u00e1rr\u00e1\u00f0a stj\u00fapni\u00f0ja sinna \u00e1 \u00fea\u00f0 \u00fe\u00f3 r\u00e9tt \u00e1 setu \u00ed \u00f3skiptu b\u00fai eins og m\u00e6lt er fyrir um \u00ed 7. gr. \u00cd 2. mgr. s\u00f6mu greinar er kve\u00f0i\u00f0 \u00e1 um a\u00f0 veiti fj\u00e1rr\u00e1\u00f0a stj\u00fapni\u00f0jar sam\u00feykki sitt til \u00feess s\u00e9 \u00fev\u00ed hj\u00f3na sem lengur lifi heimilt a\u00f0 sitja \u00ed \u00f3skiptu b\u00fai. \u00cd 3. mgr. s\u00f6mu greinar er kve\u00f0i\u00f0 \u00e1 um a\u00f0 \u00fea\u00f0 hj\u00f3na sem lengur lifir eigi r\u00e9tt \u00e1 setu \u00ed \u00f3skiptu b\u00fai me\u00f0 stj\u00fapni\u00f0jum s\u00ednum, hvort sem \u00feeir eru fj\u00e1rr\u00e1\u00f0a e\u00f0a \u00f3fj\u00e1rr\u00e1\u00f0a, \u00e1n \u00feess a\u00f0 afla\u00f0 s\u00e9 sam\u00feykkis skv. 1. e\u00f0a 2. mgr., ef hi\u00f0 l\u00e1tna hefur m\u00e6lt fyrir um \u00feann r\u00e9tt \u00ed erf\u00f0askr\u00e1.<\/p>\n<p style=\"text-align: justify;\"><strong>Hva\u00f0a eignir falla undir \u00f3skipt b\u00fa?\u00a0<\/strong><\/p>\n<p style=\"text-align: justify;\">\u00cd 1. mgr. 11. gr. erf\u00f0alaga er kve\u00f0i\u00f0 \u00e1 um a\u00f0 hj\u00faskapareignir beggja hj\u00f3na og s\u00e9reign, sem skv. \u00e1kv\u00e6\u00f0um laga e\u00f0a kaupm\u00e1la skuli hl\u00edta reglum um hj\u00faskapareign a\u00f0 \u00f6\u00f0ru hj\u00f3na l\u00e1tnu, teljist til \u00f3skipts b\u00fas. \u00de\u00e1 skuli sj\u00e1lfsaflaf\u00e9 og anna\u00f0 ver\u00f0m\u00e6ti, sem s\u00e1 eignast sem situr \u00ed \u00f3skiptu b\u00fai, renna til b\u00fasins nema \u00fea\u00f0 eigi a\u00f0 l\u00f6gum a\u00f0 falla til s\u00e9reignar hans.<\/p>\n<p>[\/et_pb_text][\/et_pb_column][\/et_pb_row][et_pb_row column_structure=&#8221;1_4,3_4&#8243; _builder_version=&#8221;4.20.0&#8243; _module_preset=&#8221;default&#8221; global_colors_info=&#8221;{}&#8221;][et_pb_column type=&#8221;1_4&#8243; _builder_version=&#8221;4.20.0&#8243; _module_preset=&#8221;default&#8221; global_colors_info=&#8221;{}&#8221;][et_pb_text _builder_version=&#8221;4.25.1&#8243; _module_preset=&#8221;70bacefa-5c2d-4a57-9e8a-ca199c53d38e&#8221; locked=&#8221;off&#8221; global_colors_info=&#8221;{%22gcid-11d3dbbb-f6dc-4fb8-929b-9d6994368d00%22:%91%22header_4_text_color%22%93}&#8221;]<\/p>\n<h4>R\u00e1\u00f0gj\u00f6f<\/h4>\n<p>[\/et_pb_text][\/et_pb_column][et_pb_column type=&#8221;3_4&#8243; _builder_version=&#8221;4.20.0&#8243; _module_preset=&#8221;default&#8221; global_colors_info=&#8221;{}&#8221;][et_pb_blurb title=&#8221;\u00dea\u00f0 er alltaf gott a\u00f0 leita s\u00e9r r\u00e1\u00f0gjafar var\u00f0andi f\u00e9lagar\u00e9tt. &#8221; use_icon=&#8221;on&#8221; font_icon=&#8221;&#x4e;||divi||400&#8243; _builder_version=&#8221;4.27.4&#8243; _module_preset=&#8221;af906694-a7f8-4d4e-9f90-7be33a21d035&#8243; custom_margin=&#8221;||20px||false|false&#8221; locked=&#8221;off&#8221; global_colors_info=&#8221;{}&#8221;][\/et_pb_blurb][et_pb_blurb title=&#8221;Ef \u00fe\u00fa ert \u00ed vafa, haf\u00f0u \u00fe\u00e1 samband.&#8221; use_icon=&#8221;on&#8221; font_icon=&#8221;&#x4e;||divi||400&#8243; _builder_version=&#8221;4.27.4&#8243; _module_preset=&#8221;af906694-a7f8-4d4e-9f90-7be33a21d035&#8243; custom_margin=&#8221;||20px||false|false&#8221; locked=&#8221;off&#8221; global_colors_info=&#8221;{}&#8221;][\/et_pb_blurb][et_pb_blurb title=&#8221;\u00dea\u00f0 er hj\u00e1lplegt a\u00f0 r\u00e6\u00f0a m\u00e1lin og skilgreina m\u00f6guleg \u00e1litam\u00e1l sem g\u00e6tu komi\u00f0 upp.&#8221; use_icon=&#8221;on&#8221; font_icon=&#8221;&#x4e;||divi||400&#8243; _builder_version=&#8221;4.25.1&#8243; _module_preset=&#8221;af906694-a7f8-4d4e-9f90-7be33a21d035&#8243; custom_margin=&#8221;||20px||false|false&#8221; locked=&#8221;off&#8221; global_colors_info=&#8221;{}&#8221;][\/et_pb_blurb][\/et_pb_column][\/et_pb_row][et_pb_row column_structure=&#8221;1_4,3_4&#8243; _builder_version=&#8221;4.20.0&#8243; _module_preset=&#8221;default&#8221; global_colors_info=&#8221;{}&#8221;][et_pb_column type=&#8221;1_4&#8243; _builder_version=&#8221;4.20.0&#8243; _module_preset=&#8221;default&#8221; global_colors_info=&#8221;{}&#8221;][et_pb_text _builder_version=&#8221;4.23.1&#8243; _module_preset=&#8221;70bacefa-5c2d-4a57-9e8a-ca199c53d38e&#8221; global_colors_info=&#8221;{%22gcid-11d3dbbb-f6dc-4fb8-929b-9d6994368d00%22:%91%22header_4_text_color%22%93}&#8221;]<\/p>\n<h4>Ni\u00f0ursta\u00f0an<\/h4>\n<p>[\/et_pb_text][\/et_pb_column][et_pb_column type=&#8221;3_4&#8243; _builder_version=&#8221;4.20.0&#8243; _module_preset=&#8221;default&#8221; global_colors_info=&#8221;{}&#8221;][et_pb_text _builder_version=&#8221;4.27.4&#8243; _module_preset=&#8221;6a56ba8f-de08-4ab2-baba-3f7df8c5db38&#8243; text_text_color=&#8221;#FFFFFF&#8221; global_colors_info=&#8221;{}&#8221;]<\/p>\n<p style=\"text-align: justify;\">Haf\u00f0u samband vi\u00f0 mig. Vi\u00f0 setjumst ni\u00f0ur og f\u00f6rum yfir st\u00f6\u00f0una.<\/p>\n<p>[\/et_pb_text][\/et_pb_column][\/et_pb_row][\/et_pb_section][et_pb_section fb_built=&#8221;1&#8243; admin_label=&#8221;Footer&#8221; _builder_version=&#8221;4.20.0&#8243; _module_preset=&#8221;default&#8221; use_background_color_gradient=&#8221;on&#8221; background_color_gradient_stops=&#8221;#1e232b 0%|rgba(30,35,43,0.9) 100%&#8221; background_color_gradient_overlays_image=&#8221;on&#8221; background_image=&#8221;https:\/\/fbg.is\/wp-content\/uploads\/2023\/12\/paper-texture.jpg&#8221; saved_tabs=&#8221;all&#8221; collapsed=&#8221;off&#8221; global_colors_info=&#8221;{}&#8221; theme_builder_area=&#8221;post_content&#8221;][et_pb_row column_structure=&#8221;1_3,1_3,1_3&#8243; _builder_version=&#8221;4.20.0&#8243; _module_preset=&#8221;default&#8221; global_colors_info=&#8221;{}&#8221; theme_builder_area=&#8221;post_content&#8221;][et_pb_column type=&#8221;1_3&#8243; _builder_version=&#8221;4.20.0&#8243; _module_preset=&#8221;default&#8221; global_colors_info=&#8221;{}&#8221; theme_builder_area=&#8221;post_content&#8221;][et_pb_text _builder_version=&#8221;4.20.0&#8243; _module_preset=&#8221;f5315489-4ee8-4c31-a83d-f82db979b719&#8243; text_orientation=&#8221;center&#8221; global_colors_info=&#8221;{%22gcid-11d3dbbb-f6dc-4fb8-929b-9d6994368d00%22:%91%22header_4_text_color%22%93}&#8221; theme_builder_area=&#8221;post_content&#8221;]<\/p>\n<h4>skrifstofut\u00edmar<\/h4>\n<p>[\/et_pb_text][et_pb_text _builder_version=&#8221;4.27.4&#8243; _module_preset=&#8221;9b7bcb4c-62c8-4c1e-ba24-b398c0a707f1&#8243; text_text_color=&#8221;#FFFFFF&#8221; text_orientation=&#8221;center&#8221; custom_margin=&#8221;||10px||false|false&#8221; locked=&#8221;off&#8221; global_colors_info=&#8221;{}&#8221; theme_builder_area=&#8221;post_content&#8221;]<\/p>\n<p>Alla virka daga fr\u00e1 &#8211; 09:00 til 17:00.<\/p>\n<p>B\u00f3ka \u00fearf t\u00edma me\u00f0 t\u00f6lvup\u00f3sti.<\/p>\n<p>[\/et_pb_text][\/et_pb_column][et_pb_column type=&#8221;1_3&#8243; _builder_version=&#8221;4.20.0&#8243; _module_preset=&#8221;default&#8221; global_colors_info=&#8221;{}&#8221; theme_builder_area=&#8221;post_content&#8221;][et_pb_image src=&#8221;https:\/\/fbg.is\/wp-content\/uploads\/2023\/05\/FBG-Radgjof-logo-205-x-205-px.jpg&#8221; title_text=&#8221;FBG Ra\u0301\u00f0gjo\u0308f logo (205 x 205 px)&#8221; align=&#8221;center&#8221; _builder_version=&#8221;4.23.1&#8243; _module_preset=&#8221;default&#8221; max_height=&#8221;80px&#8221; global_colors_info=&#8221;{}&#8221; theme_builder_area=&#8221;post_content&#8221;][\/et_pb_image][et_pb_text _builder_version=&#8221;4.23.1&#8243; _module_preset=&#8221;c520f2b4-cfe7-4a8c-b9c9-147409b6cf36&#8243; header_4_font=&#8221;Georgia|700||on|||||&#8221; header_4_text_color=&#8221;#FFFFFF&#8221; text_orientation=&#8221;center&#8221; locked=&#8221;off&#8221; global_colors_info=&#8221;{}&#8221; theme_builder_area=&#8221;post_content&#8221;]<\/p>\n<h4>FBG r\u00e1\u00f0gj\u00f6f ehf.<\/h4>\n<p>kt.: 450917-0440\u00a0<\/p>\n<p>Vsk.: 129215<\/p>\n<p>[\/et_pb_text][\/et_pb_column][et_pb_column type=&#8221;1_3&#8243; _builder_version=&#8221;4.20.0&#8243; _module_preset=&#8221;default&#8221; global_colors_info=&#8221;{}&#8221; theme_builder_area=&#8221;post_content&#8221;][et_pb_text _builder_version=&#8221;4.23.1&#8243; _module_preset=&#8221;c520f2b4-cfe7-4a8c-b9c9-147409b6cf36&#8243; text_orientation=&#8221;center&#8221; locked=&#8221;off&#8221; global_colors_info=&#8221;{%22gcid-11d3dbbb-f6dc-4fb8-929b-9d6994368d00%22:%91%22header_4_text_color%22%93}&#8221; theme_builder_area=&#8221;post_content&#8221;]<\/p>\n<h4>Hafa samband<\/h4>\n<p>[\/et_pb_text][et_pb_text _builder_version=&#8221;4.27.4&#8243; _module_preset=&#8221;9b7bcb4c-62c8-4c1e-ba24-b398c0a707f1&#8243; text_text_color=&#8221;#FFFFFF&#8221; link_text_color=&#8221;#FFFFFF&#8221; text_orientation=&#8221;center&#8221; custom_margin=&#8221;||10px||false|false&#8221; locked=&#8221;off&#8221; global_colors_info=&#8221;{}&#8221; theme_builder_area=&#8221;post_content&#8221;]<\/p>\n<p>Heimilisfang: Stekkjarbakki 6<\/p>\n<p>[\/et_pb_text][et_pb_text _builder_version=&#8221;4.27.4&#8243; _module_preset=&#8221;9b7bcb4c-62c8-4c1e-ba24-b398c0a707f1&#8243; text_text_color=&#8221;#FFFFFF&#8221; link_text_color=&#8221;#FFFFFF&#8221; text_orientation=&#8221;center&#8221; custom_margin=&#8221;||10px||false|false&#8221; locked=&#8221;off&#8221; global_colors_info=&#8221;{}&#8221; theme_builder_area=&#8221;post_content&#8221;]<\/p>\n<p>S\u00edmi: 779-0900<\/p>\n<p>[\/et_pb_text][et_pb_text _builder_version=&#8221;4.27.4&#8243; _module_preset=&#8221;9b7bcb4c-62c8-4c1e-ba24-b398c0a707f1&#8243; text_text_color=&#8221;#FFFFFF&#8221; link_text_color=&#8221;#FFFFFF&#8221; text_orientation=&#8221;center&#8221; custom_margin=&#8221;||10px||false|false&#8221; locked=&#8221;off&#8221; global_colors_info=&#8221;{}&#8221; theme_builder_area=&#8221;post_content&#8221;]<\/p>\n<p>Netfang: fbg@fbg.is<\/p>\n<p>[\/et_pb_text][\/et_pb_column][\/et_pb_row][et_pb_row _builder_version=&#8221;4.20.0&#8243; _module_preset=&#8221;default&#8221; custom_padding=&#8221;0px||0px||true|&#8221; global_colors_info=&#8221;{}&#8221; theme_builder_area=&#8221;post_content&#8221;][et_pb_column type=&#8221;4_4&#8243; _builder_version=&#8221;4.20.0&#8243; _module_preset=&#8221;default&#8221; global_colors_info=&#8221;{}&#8221; theme_builder_area=&#8221;post_content&#8221;][et_pb_social_media_follow icon_color=&#8221;#000000&#8243; _builder_version=&#8221;4.27.4&#8243; _module_preset=&#8221;default&#8221; text_orientation=&#8221;center&#8221; custom_margin=&#8221;||||false|false&#8221; border_radii=&#8221;on|100px|100px|100px|100px&#8221; locked=&#8221;off&#8221; global_colors_info=&#8221;{}&#8221; theme_builder_area=&#8221;post_content&#8221;][et_pb_social_media_follow_network social_network=&#8221;facebook&#8221; url=&#8221;https:\/\/www.facebook.com\/profile.php?id=61554778734071&#8243; _builder_version=&#8221;4.27.4&#8243; _module_preset=&#8221;default&#8221; background_color=&#8221;gcid-11d3dbbb-f6dc-4fb8-929b-9d6994368d00&#8243; background_enable_color=&#8221;on&#8221; custom_padding=&#8221;8px|8px|8px|8px|true|true&#8221; global_colors_info=&#8221;{%22gcid-11d3dbbb-f6dc-4fb8-929b-9d6994368d00%22:%91%22background_color%22%93}&#8221; theme_builder_area=&#8221;post_content&#8221; follow_button=&#8221;off&#8221; url_new_window=&#8221;on&#8221;]facebook[\/et_pb_social_media_follow_network][et_pb_social_media_follow_network social_network=&#8221;instagram&#8221; url=&#8221;https:\/\/instagram.com\/personuverndarfulltrui&#8221; _builder_version=&#8221;4.27.4&#8243; _module_preset=&#8221;default&#8221; background_color=&#8221;gcid-11d3dbbb-f6dc-4fb8-929b-9d6994368d00&#8243; background_enable_color=&#8221;on&#8221; custom_padding=&#8221;8px|8px|8px|8px|true|true&#8221; global_colors_info=&#8221;{%22gcid-11d3dbbb-f6dc-4fb8-929b-9d6994368d00%22:%91%22background_color%22%93}&#8221; theme_builder_area=&#8221;post_content&#8221; follow_button=&#8221;off&#8221; url_new_window=&#8221;on&#8221;]instagram[\/et_pb_social_media_follow_network][\/et_pb_social_media_follow][et_pb_divider color=&#8221;gcid-11d3dbbb-f6dc-4fb8-929b-9d6994368d00&#8243; _builder_version=&#8221;4.20.0&#8243; _module_preset=&#8221;default&#8221; custom_margin=&#8221;||0px||false|false&#8221; global_colors_info=&#8221;{%22gcid-11d3dbbb-f6dc-4fb8-929b-9d6994368d00%22:%91%22color%22%93}&#8221; theme_builder_area=&#8221;post_content&#8221;][\/et_pb_divider][et_pb_text _builder_version=&#8221;4.23.1&#8243; _dynamic_attributes=&#8221;content&#8221; _module_preset=&#8221;9958d22d-47e8-47a5-a92e-e45b8de23229&#8243; text_text_color=&#8221;#FFFFFF&#8221; text_orientation=&#8221;center&#8221; locked=&#8221;off&#8221; global_colors_info=&#8221;{}&#8221; theme_builder_area=&#8221;post_content&#8221;]@ET-DC@eyJkeW5hbWljIjp0cnVlLCJjb250ZW50IjoiY3VycmVudF9kYXRlIiwic2V0dGluZ3MiOnsiYmVmb3JlIjoiQ29weXJpZ2h0ICZjb3B5OyAiLCJhZnRlciI6IiBGQkcgclx1MDBlMVx1MDBmMGdqXHUwMGY2ZiBlaGYuIEFsbHVyIHJcdTAwZTl0dHVyIFx1MDBlMXNraWxpbm4uIiwiZGF0ZV9mb3JtYXQiOiJjdXN0b20iLCJjdXN0b21fZGF0ZV9mb3JtYXQiOiJZIn19@[\/et_pb_text][\/et_pb_column][\/et_pb_row][\/et_pb_section]<\/p>\n","protected":false},"excerpt":{"rendered":"<p>F\u00e9lagar\u00e9tturf\u00e1\u00f0u faglega r\u00e1\u00f0gj\u00f6f \u00e1 svi\u00f0i f\u00e9lagar\u00e9ttarAlmennt\u00c9g veiti faglega r\u00e1\u00f0gj\u00f6f \u00e1 svi\u00f0i f\u00e9lagar\u00e9ttar. Vi\u00f0 stofnun f\u00e9lags er a\u00f0 m\u00f6rgu a\u00f0 hyggja. Regluverki\u00f0 er vi\u00f0amiki\u00f0 og mikilv\u00e6gt a\u00f0 \u00feekkja \u00fe\u00e1 \u00e1byrg\u00f0 sem einstaklingar bera t.d. vi\u00f0 stofnun einkahlutaf\u00e9lags. \u00c9g veiti alhli\u00f0a r\u00e1\u00f0gj\u00f6f vi\u00f0 stofnun f\u00e9laga, allt fr\u00e1 \u00fev\u00ed a\u00f0 undirb\u00faa og skila inn nau\u00f0synlegum stofng\u00f6gnum til vefs\u00ed\u00f0uger\u00f0ar [&hellip;]<\/p>\n","protected":false},"author":1,"featured_media":0,"parent":0,"menu_order":0,"comment_status":"closed","ping_status":"closed","template":"","meta":{"_et_pb_use_builder":"on","_et_pb_old_content":"","_et_gb_content_width":"","footnotes":""},"class_list":["post-1464","page","type-page","status-publish","hentry"],"yoast_head":"<!-- This site is optimized with the Yoast SEO plugin v26.7 - https:\/\/yoast.com\/wordpress\/plugins\/seo\/ -->\n<title>Fagleg a\u00f0sto\u00f0 \u00e1 svi\u00f0i F\u00e9lagar\u00e9ttar - FBG R\u00e1\u00f0gj\u00f6f ehf.<\/title>\n<meta name=\"robots\" content=\"index, follow, max-snippet:-1, max-image-preview:large, max-video-preview:-1\" \/>\n<link rel=\"canonical\" href=\"https:\/\/fbg.is\/?page_id=1464\" \/>\n<meta property=\"og:locale\" content=\"en_US\" \/>\n<meta property=\"og:type\" content=\"article\" \/>\n<meta property=\"og:title\" content=\"Fagleg a\u00f0sto\u00f0 \u00e1 svi\u00f0i F\u00e9lagar\u00e9ttar - FBG R\u00e1\u00f0gj\u00f6f ehf.\" \/>\n<meta property=\"og:description\" content=\"F\u00e9lagar\u00e9tturf\u00e1\u00f0u faglega r\u00e1\u00f0gj\u00f6f \u00e1 svi\u00f0i f\u00e9lagar\u00e9ttarAlmennt\u00c9g veiti faglega r\u00e1\u00f0gj\u00f6f \u00e1 svi\u00f0i f\u00e9lagar\u00e9ttar. Vi\u00f0 stofnun f\u00e9lags er a\u00f0 m\u00f6rgu a\u00f0 hyggja. Regluverki\u00f0 er vi\u00f0amiki\u00f0 og mikilv\u00e6gt a\u00f0 \u00feekkja \u00fe\u00e1 \u00e1byrg\u00f0 sem einstaklingar bera t.d. vi\u00f0 stofnun einkahlutaf\u00e9lags. \u00c9g veiti alhli\u00f0a r\u00e1\u00f0gj\u00f6f vi\u00f0 stofnun f\u00e9laga, allt fr\u00e1 \u00fev\u00ed a\u00f0 undirb\u00faa og skila inn nau\u00f0synlegum stofng\u00f6gnum til vefs\u00ed\u00f0uger\u00f0ar [&hellip;]\" \/>\n<meta property=\"og:url\" content=\"https:\/\/fbg.is\/?page_id=1464\" \/>\n<meta property=\"og:site_name\" content=\"FBG R\u00e1\u00f0gj\u00f6f ehf.\" \/>\n<meta property=\"article:publisher\" content=\"https:\/\/www.facebook.com\/profile.php?id=61554778734071\" \/>\n<meta property=\"article:modified_time\" content=\"2025-11-10T10:48:57+00:00\" \/>\n<meta name=\"twitter:card\" content=\"summary_large_image\" \/>\n<meta name=\"twitter:label1\" content=\"Est. reading time\" \/>\n\t<meta name=\"twitter:data1\" content=\"2 minutes\" \/>\n<script type=\"application\/ld+json\" class=\"yoast-schema-graph\">{\"@context\":\"https:\/\/schema.org\",\"@graph\":[{\"@type\":\"WebPage\",\"@id\":\"https:\/\/fbg.is\/?page_id=1464\",\"url\":\"https:\/\/fbg.is\/?page_id=1464\",\"name\":\"Fagleg a\u00f0sto\u00f0 \u00e1 svi\u00f0i F\u00e9lagar\u00e9ttar - FBG R\u00e1\u00f0gj\u00f6f ehf.\",\"isPartOf\":{\"@id\":\"https:\/\/fbg.is\/#website\"},\"datePublished\":\"2024-12-30T17:32:37+00:00\",\"dateModified\":\"2025-11-10T10:48:57+00:00\",\"breadcrumb\":{\"@id\":\"https:\/\/fbg.is\/?page_id=1464#breadcrumb\"},\"inLanguage\":\"en-US\",\"potentialAction\":[{\"@type\":\"ReadAction\",\"target\":[\"https:\/\/fbg.is\/?page_id=1464\"]}]},{\"@type\":\"BreadcrumbList\",\"@id\":\"https:\/\/fbg.is\/?page_id=1464#breadcrumb\",\"itemListElement\":[{\"@type\":\"ListItem\",\"position\":1,\"name\":\"Home\",\"item\":\"https:\/\/fbg.is\/\"},{\"@type\":\"ListItem\",\"position\":2,\"name\":\"Fagleg a\u00f0sto\u00f0 \u00e1 svi\u00f0i F\u00e9lagar\u00e9ttar\"}]},{\"@type\":\"WebSite\",\"@id\":\"https:\/\/fbg.is\/#website\",\"url\":\"https:\/\/fbg.is\/\",\"name\":\"FBG r\u00e1\u00f0gj\u00f6f ehf.\",\"description\":\"L\u00f6gfr\u00e6\u00f0ir\u00e1\u00f0gj\u00f6f fyrir einstaklinga og fyrirt\u00e6ki\",\"publisher\":{\"@id\":\"https:\/\/fbg.is\/#organization\"},\"potentialAction\":[{\"@type\":\"SearchAction\",\"target\":{\"@type\":\"EntryPoint\",\"urlTemplate\":\"https:\/\/fbg.is\/?s={search_term_string}\"},\"query-input\":{\"@type\":\"PropertyValueSpecification\",\"valueRequired\":true,\"valueName\":\"search_term_string\"}}],\"inLanguage\":\"en-US\"},{\"@type\":\"Organization\",\"@id\":\"https:\/\/fbg.is\/#organization\",\"name\":\"FBG r\u00e1\u00f0gj\u00f6f ehf.\",\"url\":\"https:\/\/fbg.is\/\",\"logo\":{\"@type\":\"ImageObject\",\"inLanguage\":\"en-US\",\"@id\":\"https:\/\/fbg.is\/#\/schema\/logo\/image\/\",\"url\":\"https:\/\/fbg.is\/wp-content\/uploads\/2023\/05\/FBG-Radgjof-logo-205-x-205-px.jpg\",\"contentUrl\":\"https:\/\/fbg.is\/wp-content\/uploads\/2023\/05\/FBG-Radgjof-logo-205-x-205-px.jpg\",\"width\":205,\"height\":205,\"caption\":\"FBG r\u00e1\u00f0gj\u00f6f ehf.\"},\"image\":{\"@id\":\"https:\/\/fbg.is\/#\/schema\/logo\/image\/\"},\"sameAs\":[\"https:\/\/www.facebook.com\/profile.php?id=61554778734071\"]}]}<\/script>\n<!-- \/ Yoast SEO plugin. -->","yoast_head_json":{"title":"Fagleg a\u00f0sto\u00f0 \u00e1 svi\u00f0i F\u00e9lagar\u00e9ttar - FBG R\u00e1\u00f0gj\u00f6f ehf.","robots":{"index":"index","follow":"follow","max-snippet":"max-snippet:-1","max-image-preview":"max-image-preview:large","max-video-preview":"max-video-preview:-1"},"canonical":"https:\/\/fbg.is\/?page_id=1464","og_locale":"en_US","og_type":"article","og_title":"Fagleg a\u00f0sto\u00f0 \u00e1 svi\u00f0i F\u00e9lagar\u00e9ttar - FBG R\u00e1\u00f0gj\u00f6f ehf.","og_description":"F\u00e9lagar\u00e9tturf\u00e1\u00f0u faglega r\u00e1\u00f0gj\u00f6f \u00e1 svi\u00f0i f\u00e9lagar\u00e9ttarAlmennt\u00c9g veiti faglega r\u00e1\u00f0gj\u00f6f \u00e1 svi\u00f0i f\u00e9lagar\u00e9ttar. Vi\u00f0 stofnun f\u00e9lags er a\u00f0 m\u00f6rgu a\u00f0 hyggja. Regluverki\u00f0 er vi\u00f0amiki\u00f0 og mikilv\u00e6gt a\u00f0 \u00feekkja \u00fe\u00e1 \u00e1byrg\u00f0 sem einstaklingar bera t.d. vi\u00f0 stofnun einkahlutaf\u00e9lags. \u00c9g veiti alhli\u00f0a r\u00e1\u00f0gj\u00f6f vi\u00f0 stofnun f\u00e9laga, allt fr\u00e1 \u00fev\u00ed a\u00f0 undirb\u00faa og skila inn nau\u00f0synlegum stofng\u00f6gnum til vefs\u00ed\u00f0uger\u00f0ar [&hellip;]","og_url":"https:\/\/fbg.is\/?page_id=1464","og_site_name":"FBG R\u00e1\u00f0gj\u00f6f ehf.","article_publisher":"https:\/\/www.facebook.com\/profile.php?id=61554778734071","article_modified_time":"2025-11-10T10:48:57+00:00","twitter_card":"summary_large_image","twitter_misc":{"Est. reading time":"2 minutes"},"schema":{"@context":"https:\/\/schema.org","@graph":[{"@type":"WebPage","@id":"https:\/\/fbg.is\/?page_id=1464","url":"https:\/\/fbg.is\/?page_id=1464","name":"Fagleg a\u00f0sto\u00f0 \u00e1 svi\u00f0i F\u00e9lagar\u00e9ttar - FBG R\u00e1\u00f0gj\u00f6f ehf.","isPartOf":{"@id":"https:\/\/fbg.is\/#website"},"datePublished":"2024-12-30T17:32:37+00:00","dateModified":"2025-11-10T10:48:57+00:00","breadcrumb":{"@id":"https:\/\/fbg.is\/?page_id=1464#breadcrumb"},"inLanguage":"en-US","potentialAction":[{"@type":"ReadAction","target":["https:\/\/fbg.is\/?page_id=1464"]}]},{"@type":"BreadcrumbList","@id":"https:\/\/fbg.is\/?page_id=1464#breadcrumb","itemListElement":[{"@type":"ListItem","position":1,"name":"Home","item":"https:\/\/fbg.is\/"},{"@type":"ListItem","position":2,"name":"Fagleg a\u00f0sto\u00f0 \u00e1 svi\u00f0i F\u00e9lagar\u00e9ttar"}]},{"@type":"WebSite","@id":"https:\/\/fbg.is\/#website","url":"https:\/\/fbg.is\/","name":"FBG r\u00e1\u00f0gj\u00f6f ehf.","description":"L\u00f6gfr\u00e6\u00f0ir\u00e1\u00f0gj\u00f6f fyrir einstaklinga og fyrirt\u00e6ki","publisher":{"@id":"https:\/\/fbg.is\/#organization"},"potentialAction":[{"@type":"SearchAction","target":{"@type":"EntryPoint","urlTemplate":"https:\/\/fbg.is\/?s={search_term_string}"},"query-input":{"@type":"PropertyValueSpecification","valueRequired":true,"valueName":"search_term_string"}}],"inLanguage":"en-US"},{"@type":"Organization","@id":"https:\/\/fbg.is\/#organization","name":"FBG r\u00e1\u00f0gj\u00f6f ehf.","url":"https:\/\/fbg.is\/","logo":{"@type":"ImageObject","inLanguage":"en-US","@id":"https:\/\/fbg.is\/#\/schema\/logo\/image\/","url":"https:\/\/fbg.is\/wp-content\/uploads\/2023\/05\/FBG-Radgjof-logo-205-x-205-px.jpg","contentUrl":"https:\/\/fbg.is\/wp-content\/uploads\/2023\/05\/FBG-Radgjof-logo-205-x-205-px.jpg","width":205,"height":205,"caption":"FBG r\u00e1\u00f0gj\u00f6f ehf."},"image":{"@id":"https:\/\/fbg.is\/#\/schema\/logo\/image\/"},"sameAs":["https:\/\/www.facebook.com\/profile.php?id=61554778734071"]}]}},"_links":{"self":[{"href":"https:\/\/fbg.is\/index.php?rest_route=\/wp\/v2\/pages\/1464","targetHints":{"allow":["GET"]}}],"collection":[{"href":"https:\/\/fbg.is\/index.php?rest_route=\/wp\/v2\/pages"}],"about":[{"href":"https:\/\/fbg.is\/index.php?rest_route=\/wp\/v2\/types\/page"}],"author":[{"embeddable":true,"href":"https:\/\/fbg.is\/index.php?rest_route=\/wp\/v2\/users\/1"}],"replies":[{"embeddable":true,"href":"https:\/\/fbg.is\/index.php?rest_route=%2Fwp%2Fv2%2Fcomments&post=1464"}],"version-history":[{"count":8,"href":"https:\/\/fbg.is\/index.php?rest_route=\/wp\/v2\/pages\/1464\/revisions"}],"predecessor-version":[{"id":1861,"href":"https:\/\/fbg.is\/index.php?rest_route=\/wp\/v2\/pages\/1464\/revisions\/1861"}],"wp:attachment":[{"href":"https:\/\/fbg.is\/index.php?rest_route=%2Fwp%2Fv2%2Fmedia&parent=1464"}],"curies":[{"name":"wp","href":"https:\/\/api.w.org\/{rel}","templated":true}]}}